{"id":3454,"date":"2019-12-31T11:53:54","date_gmt":"2019-12-31T11:53:54","guid":{"rendered":"http:\/\/kk.banov.cz\/?page_id=3454"},"modified":"2021-01-18T18:24:44","modified_gmt":"2021-01-18T18:24:44","slug":"akce-v-r-2020","status":"publish","type":"page","link":"http:\/\/kk.banov.cz\/?page_id=3454","title":{"rendered":"Akce v r.2020"},"content":{"rendered":"<p><strong>pond\u011bl\u00ed, 28.prosince 2020 &#8230; ve v\u011bku 65 let n\u00e1s nav\u017edy opustil kamar\u00e1d a \u010dlen spolku<\/strong><strong>\u00a0pan Svatopluk Kandrn\u00e1l ze Such\u00e9 Loze, kter\u00fd v\u00fdrazn\u011b pom\u00e1hal p\u0159i obnov\u011b\u00a0 a \u00fadr\u017eb\u011b are\u00e1lu v posledn\u00edch letech. Up\u0159\u00edmnou soustrast zarmoucen\u00e9 rodin\u011b a \u010dest jeho pam\u00e1tce<\/strong><\/p>\n<p>pro platnost\u00a0 mimo\u0159\u00e1dn\u00fdch opat\u0159en\u00ed vl\u00e1dy \u010cR ve t\u0159et\u00ed &#8222;v\u00e1no\u010dn\u00ed&#8220; vln\u011b zamezen\u00ed \u0161\u00ed\u0159en\u00ed COVID-19 nelze v r.2020 prov\u00e9st tradi\u010dn\u00ed &#8222;KLUBOV\u00dd Z\u00c1VOD&#8220;, ze stejn\u00e9ho d\u016fvodu je tak\u00e9 odlo\u017eena &#8222;\u010clensk\u00e1 sch\u016fze spolku&#8220;<\/p>\n<p>po listopadov\u00e9m n\u00e1vratu \u017e\u00e1k\u016f do \u0161koln\u00edch lavic St\u0159edn\u00ed zem\u011bd\u011blsk\u00e9 \u0161koly Uh.Brod, maturitn\u00edho oboru chovatelstv\u00ed se zam\u011b\u0159en\u00edm na kynologii,<strong> p\u0159edn\u00e1\u0161ka o v\u00fdstav\u00e1ch ps\u016f a plemeni n\u011bmeck\u00fd ov\u010d\u00e1k<\/strong>\u00a0,\u00a0 \/p\u0159edn\u00e1\u0161ej\u00edc\u00ed Michal Ka\u0161n\u00fd\/<\/p>\n<p><a href=\"http:\/\/kk.banov.cz\/?attachment_id=3933\" rel=\"attachment wp-att-3933\"><img loading=\"lazy\" decoding=\"async\" src=\"http:\/\/kk.banov.cz\/wp-content\/uploads\/2021\/01\/received_419088529461473-150x150.jpeg\" alt=\"\" width=\"150\" height=\"150\" \/><\/a><\/p>\n<p><strong>\u010dtvrtek, 12.listopadu,\u00a0\u00a0\u201eObjedn\u00e1vka kuchyn\u011b a zaplacen\u00ed z\u00e1lohy\u201c<\/strong> \/M.Ka\u0161n\u00fd, R.Viktorin\/<\/p>\n<p><strong>ned\u011ble 8.listopadu 2020<\/strong>,\u00a0 PRO ANTICOVID ZRU\u0160ENO,\u00a0\u00a0<strong>Slou\u010den\u00e9 zkou\u0161ky z v\u00fdkonu<\/strong>,\u00a0 p\u0159ihl\u00e1\u0161eno: 2xZVV-1, 1xZVV-2, 1xZPO-1, 1xZPS-1,\u00a0 vedouc\u00ed zkou\u0161ek: Michal Ka\u0161n\u00fd, rozhod\u010d\u00ed: Monika Prokopov\u00e1,\u00a0 figurant a klade\u010d ciz\u00edch stop: Zden\u011bk Plho\u0148<\/p>\n<p><strong><span style=\"color: #ff0000;\">st\u0159eda 14.\u0159\u00edjna &#8211; \u00fater\u00fd 3.listopadu\u00a0 &#8222;omezen\u00ed tr\u00e9ninku na max. 6 osob&#8220;<\/span>\u00a0 \u00a0<span style=\"color: #000000;\">Dle USNESEN\u00cd VL\u00c1DY \u010cR ze dne 12. \u0159\u00edjna 2020 \u010d. 1021 jsou ve\u0161ker\u00e9 hromadn\u00e9 a sportovn\u00ed akce (v po\u010dtu vy\u0161\u0161\u00edm ne\u017e 6 osob) od 14.10.2020 do 3.11.2020 zru\u0161eny<\/span><\/strong><\/p>\n<p><strong style=\"color: #333333;\">pravideln\u011b ka\u017edou sobotu od 10. \u0159\u00edjna do soboty 7.listopadu, 10-11 hod,\u00a0 Tr\u00e9nink obran pouze na zkou\u0161ky, figurant Zdenek Plho\u0148<\/strong><\/p>\n<p><strong>ned\u011ble 4.\u0159\u00edjna,\u00a0 &#8222;tr\u00e9ninkov\u00e9 dopoledne s apr\u00edlov\u00fdm po\u010das\u00edm&#8220;<\/strong><\/p>\n<p><a href=\"http:\/\/kk.banov.cz\/?attachment_id=3807\" rel=\"attachment wp-att-3807\"><img loading=\"lazy\" decoding=\"async\" src=\"http:\/\/kk.banov.cz\/wp-content\/uploads\/2020\/10\/received_1649029101937679-150x150.jpeg\" alt=\"\" width=\"150\" height=\"150\" \/><\/a><a href=\"http:\/\/kk.banov.cz\/?attachment_id=3809\" rel=\"attachment wp-att-3809\">\u00a0<img loading=\"lazy\" decoding=\"async\" src=\"http:\/\/kk.banov.cz\/wp-content\/uploads\/2020\/10\/received_997990724025346-150x150.jpeg\" alt=\"\" width=\"150\" height=\"150\" \/><\/a>\u00a0<a href=\"http:\/\/kk.banov.cz\/?attachment_id=3808\" rel=\"attachment wp-att-3808\"><img loading=\"lazy\" decoding=\"async\" src=\"http:\/\/kk.banov.cz\/wp-content\/uploads\/2020\/10\/received_966337897183301-150x150.jpeg\" alt=\"\" width=\"150\" height=\"150\" \/><\/a><\/p>\n<p><strong>sobota+ned\u011ble 19.-20.z\u00e1\u0159\u00ed ,\u00a0 &#8222;Hlavn\u00e1 \u0161peci\u00e1ln\u00e1 v\u00fdstava SUCHNO&#8220;<\/strong>, SK-Beckov\u00a0 rozhod\u010d\u00ed:\u00a0 Wilhelm Nordsieck,\u00a0 Jochen Prall \/SV-DE\/,<strong>\u00a0 vedouc\u00ed kruhu psi+tlumo\u010dn\u00edk v\u00fdstavy Michal Ka\u0161n\u00fd<\/strong><\/p>\n<p><a href=\"http:\/\/kk.banov.cz\/?attachment_id=3804\" rel=\"attachment wp-att-3804\"><img loading=\"lazy\" decoding=\"async\" src=\"http:\/\/kk.banov.cz\/wp-content\/uploads\/2020\/10\/20201004_203312-150x150.jpg\" alt=\"\" width=\"150\" height=\"150\" \/>\u00a0\u00a0<\/a>Foto momentky z pr\u016fb\u011bhu v\u00fdstavy\u00a0 &#8211; <a href=\"https:\/\/villarivvis.rajce.idnes.cz\/Beckov_NO_specialka_19-20.2020\/?\">ZDE<\/a><\/p>\n<p><strong>sobota, 27.\u010dervna,\u00a0 &#8222;Oblastn\u00e1 v\u00fdstava NO&#8220;<\/strong>, SK-Beckov, Rozhod\u010d\u00ed: Wilhelm Nordsieck \/SV-DE\/<strong>, vedouc\u00ed kruhu a tlumo\u010dn\u00edk Michal Ka\u0161n\u00fd<\/strong><\/p>\n<p><a href=\"http:\/\/kk.banov.cz\/?attachment_id=3744\" rel=\"attachment wp-att-3744\"><img loading=\"lazy\" decoding=\"async\" src=\"http:\/\/kk.banov.cz\/wp-content\/uploads\/2020\/06\/KK-OV-Beckov1-150x150.jpg\" alt=\"\" width=\"150\" height=\"150\" \/><\/a>\u00a0\u00a0<a href=\"http:\/\/kk.banov.cz\/?attachment_id=3745\" rel=\"attachment wp-att-3745\"><img loading=\"lazy\" decoding=\"async\" src=\"http:\/\/kk.banov.cz\/wp-content\/uploads\/2020\/06\/KK-OV-Beckov2-150x150.jpg\" alt=\"\" width=\"150\" height=\"150\" \/><\/a>\u00a0 <a href=\"http:\/\/kk.banov.cz\/?attachment_id=3746\" rel=\"attachment wp-att-3746\"><img loading=\"lazy\" decoding=\"async\" src=\"http:\/\/kk.banov.cz\/wp-content\/uploads\/2020\/06\/KK-OV-Beckov3-150x150.jpg\" alt=\"\" width=\"150\" height=\"150\" \/><\/a><\/p>\n<p><strong>sobota, 20.\u010dervna,\u00a0 &#8222;Bonitace NO&#8220;<\/strong>, Nivnice, R:\u00a0 Ing. K.Strouhal, figurant David Polzer,\u00a0 <strong>Michal Ka\u0161n\u00fd + QUENNIE Haus TRIPLET &#8211; 5JX 1\/P, I. t\u0159\u00edda chovnosti<\/strong><\/p>\n<p><a href=\"http:\/\/kk.banov.cz\/?attachment_id=3715\" rel=\"attachment wp-att-3715\"><img loading=\"lazy\" decoding=\"async\" src=\"http:\/\/kk.banov.cz\/wp-content\/uploads\/2020\/06\/QUENNIE-Haus-TRIPLET_5JX1P-150x150.jpg\" alt=\"\" width=\"150\" height=\"150\" \/><\/a><\/p>\n<p><span style=\"color: #ff0000;\"><strong>ned\u011ble 31.kv\u011btna 2020,\u00a0 SLOU\u010cEN\u00c9 ZKOU\u0160KY KK B\u00e1nov<\/strong><\/span>,\u00a0 p\u0159ihl\u00e1\u0161eno: 1xZM (V.Svoboda), 3xZVV-1 (M.Ka\u0161n\u00fd, J,Kandrn\u00e1lov\u00e1, I.Kratochv\u00edlov\u00e1), 1xZVV-2 (R.Tho\u0159ov\u00e1), 2xZPO-1 (Mir.Kandrn\u00e1l, M.Sur\u00fd), vedouc\u00ed zkou\u0161ek: Rudolf Viktorin, rozhod\u010d\u00ed: Ing. Renata Hej\u010dov\u00e1, figurant a klade\u010d stopy:\u00a0 Zden\u011bk Plho\u0148, st\u0159elba: Petr Bobek, ob\u010derstven\u00ed a fotografie: Martina Josef\u00edkov\u00e1,\u00a0\u00a0<strong>Zkou\u0161ku splnili:\u00a0 ZM Vladim\u00edr Svoboda+ILTY\u00a0 KK Nivnice,\u00a0 ZVV-1 Michal Ka\u0161n\u00fd+QUENNIE Haus TRIPLET, ZPO-1 Milan Sur\u00fd+ELKIM<\/strong><\/p>\n<p><a href=\"http:\/\/kk.banov.cz\/?attachment_id=3660\" rel=\"attachment wp-att-3660\"><img loading=\"lazy\" decoding=\"async\" src=\"http:\/\/kk.banov.cz\/wp-content\/uploads\/2020\/06\/KK-Banov_ZK2020_9-150x150.jpg\" alt=\"\" width=\"150\" height=\"150\" \/><\/a> <a href=\"http:\/\/kk.banov.cz\/?attachment_id=3661\" rel=\"attachment wp-att-3661\"><img loading=\"lazy\" decoding=\"async\" src=\"http:\/\/kk.banov.cz\/wp-content\/uploads\/2020\/06\/KK-Banov_ZK2020_10-150x150.jpg\" alt=\"\" width=\"150\" height=\"150\" \/><\/a> <a href=\"http:\/\/kk.banov.cz\/?attachment_id=3662\" rel=\"attachment wp-att-3662\"><img loading=\"lazy\" decoding=\"async\" src=\"http:\/\/kk.banov.cz\/wp-content\/uploads\/2020\/06\/KK-Banov_ZK2020_11-150x150.jpg\" alt=\"\" width=\"150\" height=\"150\" \/><\/a> <a href=\"http:\/\/kk.banov.cz\/?attachment_id=3663\" rel=\"attachment wp-att-3663\"><img loading=\"lazy\" decoding=\"async\" src=\"http:\/\/kk.banov.cz\/wp-content\/uploads\/2020\/06\/KK-Banov_ZK2020_15-2-150x150.jpg\" alt=\"\" width=\"150\" height=\"150\" \/><\/a> <a href=\"http:\/\/kk.banov.cz\/?attachment_id=3665\" rel=\"attachment wp-att-3665\"><img loading=\"lazy\" decoding=\"async\" src=\"http:\/\/kk.banov.cz\/wp-content\/uploads\/2020\/06\/KK-Banov_ZK2020_16-150x150.jpg\" alt=\"\" width=\"150\" height=\"150\" \/><\/a> <a href=\"http:\/\/kk.banov.cz\/?attachment_id=3666\" rel=\"attachment wp-att-3666\"><img loading=\"lazy\" decoding=\"async\" src=\"http:\/\/kk.banov.cz\/wp-content\/uploads\/2020\/06\/KK-Banov_ZK2020_17-150x150.jpg\" alt=\"\" width=\"150\" height=\"150\" \/><\/a> <a href=\"http:\/\/kk.banov.cz\/?attachment_id=3667\" rel=\"attachment wp-att-3667\"><img loading=\"lazy\" decoding=\"async\" src=\"http:\/\/kk.banov.cz\/wp-content\/uploads\/2020\/06\/KK-Banov_ZK2020_18-150x150.jpg\" alt=\"\" width=\"150\" height=\"150\" \/><\/a> <a href=\"http:\/\/kk.banov.cz\/?attachment_id=3668\" rel=\"attachment wp-att-3668\"><img loading=\"lazy\" decoding=\"async\" src=\"http:\/\/kk.banov.cz\/wp-content\/uploads\/2020\/06\/KK-Banov_ZK2020_19-150x150.jpg\" alt=\"\" width=\"150\" height=\"150\" \/><\/a> <a href=\"http:\/\/kk.banov.cz\/?attachment_id=3671\" rel=\"attachment wp-att-3671\"><img loading=\"lazy\" decoding=\"async\" src=\"http:\/\/kk.banov.cz\/wp-content\/uploads\/2020\/06\/KK-Banov_ZK2020_21-150x150.jpg\" alt=\"\" width=\"150\" height=\"150\" \/><\/a> <a href=\"http:\/\/kk.banov.cz\/?attachment_id=3672\" rel=\"attachment wp-att-3672\"><img loading=\"lazy\" decoding=\"async\" src=\"http:\/\/kk.banov.cz\/wp-content\/uploads\/2020\/06\/KK-Banov_ZK2020_22-150x150.jpg\" alt=\"\" width=\"150\" height=\"150\" \/><\/a> <a href=\"http:\/\/kk.banov.cz\/?attachment_id=3673\" rel=\"attachment wp-att-3673\"><img loading=\"lazy\" decoding=\"async\" src=\"http:\/\/kk.banov.cz\/wp-content\/uploads\/2020\/06\/KK-Banov_ZK2020_30-150x150.jpg\" alt=\"\" width=\"150\" height=\"150\" \/><\/a> <a href=\"http:\/\/kk.banov.cz\/?attachment_id=3674\" rel=\"attachment wp-att-3674\"><img loading=\"lazy\" decoding=\"async\" src=\"http:\/\/kk.banov.cz\/wp-content\/uploads\/2020\/06\/KK-Banov_ZK2020_31-150x150.jpg\" alt=\"\" width=\"150\" height=\"150\" \/><\/a> <a href=\"http:\/\/kk.banov.cz\/?attachment_id=3675\" rel=\"attachment wp-att-3675\"><img loading=\"lazy\" decoding=\"async\" src=\"http:\/\/kk.banov.cz\/wp-content\/uploads\/2020\/06\/KK-Banov_ZK2020_32-150x150.jpg\" alt=\"\" width=\"150\" height=\"150\" \/><\/a>\u00a0<a href=\"http:\/\/kk.banov.cz\/?attachment_id=3681\" rel=\"attachment wp-att-3681\"><img loading=\"lazy\" decoding=\"async\" src=\"http:\/\/kk.banov.cz\/wp-content\/uploads\/2020\/06\/KK-Banov_ZK2020_7-150x150.jpg\" alt=\"\" width=\"150\" height=\"150\" \/><\/a> <a href=\"http:\/\/kk.banov.cz\/?attachment_id=3679\" rel=\"attachment wp-att-3679\"><img loading=\"lazy\" decoding=\"async\" src=\"http:\/\/kk.banov.cz\/wp-content\/uploads\/2020\/06\/KK-Banov_ZK2020_8-150x150.jpg\" alt=\"\" width=\"150\" height=\"150\" \/><\/a><\/p>\n<p><strong>sobota 30.kv\u011btna, brig\u00e1da\u00a0\u2013 \u00faklid chaty<\/strong><\/p>\n<p><a href=\"http:\/\/kk.banov.cz\/?attachment_id=3684\" rel=\"attachment wp-att-3684\"><img loading=\"lazy\" decoding=\"async\" src=\"http:\/\/kk.banov.cz\/wp-content\/uploads\/2020\/06\/KK-Banov_brigZK_1-150x150.jpg\" alt=\"\" width=\"150\" height=\"150\" \/><\/a><a href=\"http:\/\/kk.banov.cz\/?attachment_id=3685\" rel=\"attachment wp-att-3685\"><img loading=\"lazy\" decoding=\"async\" src=\"http:\/\/kk.banov.cz\/wp-content\/uploads\/2020\/06\/KK-Banov_brigZK_2-150x150.jpg\" alt=\"\" width=\"150\" height=\"150\" \/><\/a><a href=\"http:\/\/kk.banov.cz\/?attachment_id=3686\" rel=\"attachment wp-att-3686\"><img loading=\"lazy\" decoding=\"async\" src=\"http:\/\/kk.banov.cz\/wp-content\/uploads\/2020\/06\/KK-Banov_brigZK_3-150x150.jpg\" alt=\"\" width=\"150\" height=\"150\" \/><\/a><a href=\"http:\/\/kk.banov.cz\/?attachment_id=3687\" rel=\"attachment wp-att-3687\"><img loading=\"lazy\" decoding=\"async\" src=\"http:\/\/kk.banov.cz\/wp-content\/uploads\/2020\/06\/KK-Banov_brigZK_4-150x150.jpg\" alt=\"\" width=\"150\" height=\"150\" \/><\/a><\/p>\n<p><strong>st\u0159eda 27.kv\u011btna, brig\u00e1da\u00a0\u2013 se\u010den\u00ed plochy s O\u00da<\/strong><\/p>\n<p><strong>od 11.kv\u011btna\u00a0vstupuje v platnost uvoln\u011bn\u00ed mimo\u0159\u00e1dn\u00fdch opat\u0159en\u00ed vl\u00e1dy \u010cR<\/strong>.\u00a0 Pro \u010dinnost ZO MSKS to mj. znamen\u00e1, \u017ee od pond\u011bl\u00ed 11. 5. 2020 je mo\u017en\u00e9 po\u0159\u00e1dat akce s maxim\u00e1ln\u00edm po\u010dtem do 100 osob p\u0159i respektov\u00e1n\u00ed n\u00e1vazn\u00fdch podm\u00ednek. Od tohoto dne mohou Zo MSKS po\u0159\u00e1dat nejen zkou\u0161ky, ale i z\u00e1vody, obran\u00e1\u0159sk\u00e9 dny, soust\u0159ed\u011bn\u00ed apod. &#8211; v\u017edy p\u0159i dodr\u017een\u00ed uveden\u00fdch na\u0159\u00edzen\u00ed.<\/p>\n<p><span style=\"color: #000000;\"><strong>4.kv\u011btna, odesl\u00e1na nov\u00e1 \u017e\u00e1dost o po\u0159\u00e1d\u00e1n\u00ed zkou\u0161ek dne 31.5.<\/strong><\/span><\/p>\n<p><strong>ned\u011ble 3.kv\u011btna,\u00a0 tr\u00e9nink<\/strong><\/p>\n<p><a href=\"http:\/\/kk.banov.cz\/?attachment_id=3602\" rel=\"attachment wp-att-3602\"><img loading=\"lazy\" decoding=\"async\" src=\"http:\/\/kk.banov.cz\/wp-content\/uploads\/2020\/05\/KK_202005_tren1-150x150.jpg\" alt=\"\" width=\"150\" height=\"150\" \/>\u00a0<\/a><a href=\"http:\/\/kk.banov.cz\/?attachment_id=3603\" rel=\"attachment wp-att-3603\"><img loading=\"lazy\" decoding=\"async\" src=\"http:\/\/kk.banov.cz\/wp-content\/uploads\/2020\/05\/KK_202005_tren2-150x150.jpg\" alt=\"\" width=\"150\" height=\"150\" \/><\/a> <a href=\"http:\/\/kk.banov.cz\/?attachment_id=3604\" rel=\"attachment wp-att-3604\"><img loading=\"lazy\" decoding=\"async\" src=\"http:\/\/kk.banov.cz\/wp-content\/uploads\/2020\/05\/KK_202005_tren3-150x150.jpg\" alt=\"\" width=\"150\" height=\"150\" \/><\/a><a href=\"http:\/\/kk.banov.cz\/?attachment_id=3605\" rel=\"attachment wp-att-3605\"><img loading=\"lazy\" decoding=\"async\" src=\"http:\/\/kk.banov.cz\/wp-content\/uploads\/2020\/05\/KK_202005_tren4-150x150.jpg\" alt=\"\" width=\"150\" height=\"150\" \/><\/a>\u00a0<a href=\"http:\/\/kk.banov.cz\/?attachment_id=3606\" rel=\"attachment wp-att-3606\"><img loading=\"lazy\" decoding=\"async\" src=\"http:\/\/kk.banov.cz\/wp-content\/uploads\/2020\/05\/KK_202005_tren5-150x150.jpg\" alt=\"\" width=\"150\" height=\"150\" \/>\u00a0<\/a><a href=\"http:\/\/kk.banov.cz\/?attachment_id=3609\" rel=\"attachment wp-att-3609\"><img loading=\"lazy\" decoding=\"async\" src=\"http:\/\/kk.banov.cz\/wp-content\/uploads\/2020\/05\/KK_202005_tren6-150x150.jpg\" alt=\"\" width=\"150\" height=\"150\" \/><\/a><\/p>\n<p><span style=\"color: #000000;\"><strong>28.dubna,\u00a0 info z MSKS:\u00a0<\/strong>\u00a0od kv\u011btna je mo\u017en\u00e9 po\u0159\u00e1dat zkou\u0161ky<\/span><\/p>\n<p><strong>od 27.04. obnovena spolkov\u00e1 \u010dinnost<\/strong><\/p>\n<p><a href=\"http:\/\/kk.banov.cz\/?attachment_id=3575\" rel=\"attachment wp-att-3575\"><img loading=\"lazy\" decoding=\"async\" src=\"http:\/\/kk.banov.cz\/wp-content\/uploads\/2020\/04\/C19-KK-150x150.jpg\" alt=\"\" width=\"150\" height=\"150\" \/><\/a><\/p>\n<p><strong>od 12.03. netr\u00e9nujeme &#8211; NOUZOV\u00dd STAV PRO KORONAVIRUS<\/strong><\/p>\n<p><a href=\"http:\/\/kk.banov.cz\/?attachment_id=3561\" rel=\"attachment wp-att-3561\"><img loading=\"lazy\" decoding=\"async\" src=\"http:\/\/kk.banov.cz\/wp-content\/uploads\/2020\/04\/KK_covid-300x169.jpg\" alt=\"\" width=\"300\" height=\"169\" \/><\/a><\/p>\n<p><strong>19.ledna &#8211; tr\u00e9nink na prvn\u00edm sn\u011bhu v roce 2020<\/strong><\/p>\n<p><a href=\"http:\/\/kk.banov.cz\/?attachment_id=3495\" rel=\"attachment wp-att-3495\"><img loading=\"lazy\" decoding=\"async\" src=\"http:\/\/kk.banov.cz\/wp-content\/uploads\/2020\/01\/KK-B\u00e1nov_trenink_19-1-2020_1.jpg-150x150.jpeg\" alt=\"\" width=\"150\" height=\"150\" \/>\u00a0\u00a0<\/a><a href=\"http:\/\/kk.banov.cz\/?attachment_id=3494\" rel=\"attachment wp-att-3494\"><img loading=\"lazy\" decoding=\"async\" src=\"http:\/\/kk.banov.cz\/wp-content\/uploads\/2020\/01\/KK-B\u00e1nov_trenink_19-1-2020.jpg-150x150.jpeg\" alt=\"\" width=\"150\" height=\"150\" \/><\/a><\/p>\n<p>&nbsp;<\/p>\n","protected":false},"excerpt":{"rendered":"<p>pond\u011bl\u00ed, 28.prosince 2020 &#8230; ve v\u011bku 65 let n\u00e1s nav\u017edy opustil kamar\u00e1d a \u010dlen spolku\u00a0pan Svatopluk Kandrn\u00e1l ze Such\u00e9 Loze, kter\u00fd v\u00fdrazn\u011b pom\u00e1hal p\u0159i obnov\u011b\u00a0 a \u00fadr\u017eb\u011b are\u00e1lu v posledn\u00edch letech. Up\u0159\u00edmnou soustrast zarmoucen\u00e9 rodin\u011b a \u010dest jeho pam\u00e1tce pro platnost\u00a0 mimo\u0159\u00e1dn\u00fdch opat\u0159en\u00ed vl\u00e1dy \u010cR ve t\u0159et\u00ed &#8222;v\u00e1no\u010dn\u00ed&#8220; vln\u011b zamezen\u00ed \u0161\u00ed\u0159en\u00ed COVID-19 nelze v r.2020 [&hellip;]<\/p>\n","protected":false},"author":1,"featured_media":0,"parent":215,"menu_order":10,"comment_status":"closed","ping_status":"closed","template":"","meta":{"footnotes":""},"class_list":["post-3454","page","type-page","status-publish","hentry"],"_links":{"self":[{"href":"http:\/\/kk.banov.cz\/index.php?rest_route=\/wp\/v2\/pages\/3454","targetHints":{"allow":["GET"]}}],"collection":[{"href":"http:\/\/kk.banov.cz\/index.php?rest_route=\/wp\/v2\/pages"}],"about":[{"href":"http:\/\/kk.banov.cz\/index.php?rest_route=\/wp\/v2\/types\/page"}],"author":[{"embeddable":true,"href":"http:\/\/kk.banov.cz\/index.php?rest_route=\/wp\/v2\/users\/1"}],"replies":[{"embeddable":true,"href":"http:\/\/kk.banov.cz\/index.php?rest_route=%2Fwp%2Fv2%2Fcomments&post=3454"}],"version-history":[{"count":70,"href":"http:\/\/kk.banov.cz\/index.php?rest_route=\/wp\/v2\/pages\/3454\/revisions"}],"predecessor-version":[{"id":4049,"href":"http:\/\/kk.banov.cz\/index.php?rest_route=\/wp\/v2\/pages\/3454\/revisions\/4049"}],"up":[{"embeddable":true,"href":"http:\/\/kk.banov.cz\/index.php?rest_route=\/wp\/v2\/pages\/215"}],"wp:attachment":[{"href":"http:\/\/kk.banov.cz\/index.php?rest_route=%2Fwp%2Fv2%2Fmedia&parent=3454"}],"curies":[{"name":"wp","href":"https:\/\/api.w.org\/{rel}","templated":true}]}}